{"id":536,"date":"2019-11-14T05:30:50","date_gmt":"2019-11-14T04:30:50","guid":{"rendered":"https:\/\/villa-blunk.de\/?page_id=536"},"modified":"2025-03-10T18:25:43","modified_gmt":"2025-03-10T17:25:43","slug":"unsere-kuenstlerinnen","status":"publish","type":"page","link":"https:\/\/villa-blunk.de\/index.php\/unsere-kuenstlerinnen\/","title":{"rendered":"K\u00fcnstler*innen"},"content":{"rendered":"\t\t<div data-elementor-type=\"wp-page\" data-elementor-id=\"536\" class=\"elementor elementor-536\">\n\t\t\t\t\t\t<section class=\"elementor-section elementor-top-section elementor-element elementor-element-7dc2e55 elementor-section-boxed elementor-section-height-default elementor-section-height-default\" data-id=\"7dc2e55\" data-element_type=\"section\" data-e-type=\"section\">\n\t\t\t\t\t\t<div class=\"elementor-container elementor-column-gap-default\">\n\t\t\t\t\t<div class=\"elementor-column elementor-col-100 elementor-top-column elementor-element elementor-element-7322f10\" data-id=\"7322f10\" data-element_type=\"column\" data-e-type=\"column\">\n\t\t\t<div class=\"elementor-widget-wrap elementor-element-populated\">\n\t\t\t\t\t\t<div class=\"elementor-element elementor-element-ed9e56d elementor-widget elementor-widget-spacer\" data-id=\"ed9e56d\" data-element_type=\"widget\" data-e-type=\"widget\" data-widget_type=\"spacer.default\">\n\t\t\t\t<div class=\"elementor-widget-container\">\n\t\t\t\t\t\t\t<div class=\"elementor-spacer\">\n\t\t\t<div class=\"elementor-spacer-inner\"><\/div>\n\t\t<\/div>\n\t\t\t\t\t\t<\/div>\n\t\t\t\t<\/div>\n\t\t\t\t<div class=\"elementor-element elementor-element-4d2eb6e elementor-widget elementor-widget-toggle\" data-id=\"4d2eb6e\" data-element_type=\"widget\" data-e-type=\"widget\" data-widget_type=\"toggle.default\">\n\t\t\t\t<div class=\"elementor-widget-container\">\n\t\t\t\t\t\t\t<div class=\"elementor-toggle\">\n\t\t\t\t\t\t\t<div class=\"elementor-toggle-item\">\n\t\t\t\t\t<div id=\"elementor-tab-title-8091\" class=\"elementor-tab-title\" data-tab=\"1\" role=\"button\" aria-controls=\"elementor-tab-content-8091\" aria-expanded=\"false\">\n\t\t\t\t\t\t\t\t\t\t\t\t<span class=\"elementor-toggle-icon elementor-toggle-icon-right\" aria-hidden=\"true\">\n\t\t\t\t\t\t\t\t\t\t\t\t\t\t\t<span class=\"elementor-toggle-icon-closed\"><i class=\"fas fa-caret-right\"><\/i><\/span>\n\t\t\t\t\t\t\t\t<span class=\"elementor-toggle-icon-opened\"><i class=\"elementor-toggle-icon-opened fas fa-caret-up\"><\/i><\/span>\n\t\t\t\t\t\t\t\t\t\t\t\t\t<\/span>\n\t\t\t\t\t\t\t\t\t\t\t\t<a class=\"elementor-toggle-title\" tabindex=\"0\">Borowsky, Claudia<\/a>\n\t\t\t\t\t<\/div>\n\n\t\t\t\t\t<div id=\"elementor-tab-content-8091\" class=\"elementor-tab-content elementor-clearfix\" data-tab=\"1\" role=\"region\" aria-labelledby=\"elementor-tab-title-8091\"><p><img fetchpriority=\"high\" decoding=\"async\" src=\"https:\/\/villa-blunk.de\/wp-content\/uploads\/2020\/01\/DSC1786-1024x512.jpg\" alt=\"\" class=\"alignnone size-large wp-image-845\" width=\"750\" height=\"375\" srcset=\"https:\/\/villa-blunk.de\/wp-content\/uploads\/2020\/01\/DSC1786-1024x512.jpg 1024w, https:\/\/villa-blunk.de\/wp-content\/uploads\/2020\/01\/DSC1786-600x300.jpg 600w, https:\/\/villa-blunk.de\/wp-content\/uploads\/2020\/01\/DSC1786-300x150.jpg 300w, https:\/\/villa-blunk.de\/wp-content\/uploads\/2020\/01\/DSC1786-768x384.jpg 768w, https:\/\/villa-blunk.de\/wp-content\/uploads\/2020\/01\/DSC1786-1536x768.jpg 1536w, https:\/\/villa-blunk.de\/wp-content\/uploads\/2020\/01\/DSC1786-2048x1025.jpg 2048w\" sizes=\"(max-width: 750px) 100vw, 750px\" \/><\/p><h3 style=\"text-align: left;\">\u00dcber die Arbeit<\/h3><p>Claudia Borowsky erkundet in ihrer k\u00fcnstlerischen Arbeit die skulpturalen und plastischen Wirkungen von Material, dessen M\u00f6glichkeiten und Grenzen. Die Freiburger K\u00fcnstlerin arbeitet zum einen mit Beton, den sie mit Nylonstrumpfhosen kombiniert. Hier geht es ihr um Kr\u00e4fteeinwirkungen wie Zug, Druck oder der Schwerkraft. Zum anderen arbeitet sie mit Papier. Ihr Interesse liegt hierbei am Vorgang des Faltens als elementares plastisches Element. Inwieweit l\u00e4sst sich ein herk\u00f6mmliches Blatt Papier durch Falten und Biegen der Oberfl\u00e4che steuern? Lassen sich daraus komplexe Formen und klassische k\u00fcnstlerische Themen wie die menschliche Gestalt umsetzen? Handlungsleitend ist f\u00fcr sie die Frage, auf welche Weise das Material mit seiner Eigendynamik den Werkentstehungsprozess und den Inhalt einer Arbeit mitbestimmt und dadurch zum Koautor eines Werkes wird. In ihren Arbeiten setzt Claudia Borowsky immer wieder Material und Mensch zueinander in Beziehung. Neben installativen Arbeiten und Objekten entstehen fig\u00fcrliche Arbeiten, die den Menschen und das Menschsein thematisieren. Sie zeigen das Zarte, das Heile, das Verletzliche in uns.<\/p><p><a href=\"https:\/\/claudia-borowsky.jimdofree.com\/\" target=\"_blank\" rel=\"noopener\">https:\/\/claudia-borowsky.jimdofree.com\/<\/a><\/p><h3 style=\"text-align: left;\">Vita<\/h3><p><span><strong>1977<\/strong><br \/>geboren in Peine, Niedersachsen<\/span><\/p><p><span><strong>1999 &#8211; 2002<\/strong><br \/>Ausbildung zur Steinbildhauerin (Ulm)<\/span><\/p><p><span><strong>2005 &#8211; 2010<\/strong><br \/>Studium der Heilp\u00e4dagogik<\/span><\/p><p><span><strong>2012 &#8211; 2018<\/strong><br \/>Studium der Bildhauerei an der <\/span><span>EMK Freiburg; Diplom bei Johannes Hepp<\/span><\/p><p><span>Mitglied im BBK S\u00fcdbaden<\/span><\/p><p><span>lebt und arbeitet in Freiburg<\/span><\/p><h3 style=\"text-align: left;\">Ausstellungen<\/h3><p><strong>2019<\/strong><br \/>&#8222;z\u00e4hhell&#8220;, Villa Blunk, Wriezen (E)<br \/>introducing, T66, Freiburg<br \/>&#8222;strange attractors&#8220;, depot.K, Freiburg<br \/>&#8222;Als ich wie ein Vogel war&#8220;, Kunstverein March (E)<br \/>&#8222;Transformart&#8220;, Berlin<\/p><p><strong>2018<\/strong><br \/>&#8222;Relacao&#8220;,\u00a0 E-WERK, Freiburg<br \/>open art, Freiburg<br \/>&#8222;Papier Global 4&#8220;, Deggendorf<br \/>&#8222;Skulpturengarten&#8220;, Galerie 4e, Freiburg<\/p><p><strong>2017<\/strong><br \/>Regionale 18, Kunsthalle Basel<br \/>Kunstkiosk, Ehrenkirchen (E)<br \/>Bildhauersymposium \u00a0 &#8222;Kunst im Gehege II&#8220;, Mundenhof, Freiburg<br \/>UND#9, Karlsruhe<br \/>Riegeler K\u00fcnstlertage,\u00a0 Riegel<br \/>\u201eDas Bildnis\u201c,\u00a0 Galerie 4e, Freiburg<br \/>\u201eEntsprechungen\u201c,\u00a0 Glashaus, Freiburg<br \/>Galeriecafe, Bamlach<\/p><p><strong>2016<\/strong><br \/>Bildhauersymposium \u201eKunst im Gehege\u201c,\u00a0 Mundenhof, Freiburg<br \/>\u201eErinnerungen\u201c\u00a0 Glashaus, Freiburg<\/p><\/div>\n\t\t\t\t<\/div>\n\t\t\t\t\t\t\t<div class=\"elementor-toggle-item\">\n\t\t\t\t\t<div id=\"elementor-tab-title-8092\" class=\"elementor-tab-title\" data-tab=\"2\" role=\"button\" aria-controls=\"elementor-tab-content-8092\" aria-expanded=\"false\">\n\t\t\t\t\t\t\t\t\t\t\t\t<span class=\"elementor-toggle-icon elementor-toggle-icon-right\" aria-hidden=\"true\">\n\t\t\t\t\t\t\t\t\t\t\t\t\t\t\t<span class=\"elementor-toggle-icon-closed\"><i class=\"fas fa-caret-right\"><\/i><\/span>\n\t\t\t\t\t\t\t\t<span class=\"elementor-toggle-icon-opened\"><i class=\"elementor-toggle-icon-opened fas fa-caret-up\"><\/i><\/span>\n\t\t\t\t\t\t\t\t\t\t\t\t\t<\/span>\n\t\t\t\t\t\t\t\t\t\t\t\t<a class=\"elementor-toggle-title\" tabindex=\"0\">Burmester, Sabine<\/a>\n\t\t\t\t\t<\/div>\n\n\t\t\t\t\t<div id=\"elementor-tab-content-8092\" class=\"elementor-tab-content elementor-clearfix\" data-tab=\"2\" role=\"region\" aria-labelledby=\"elementor-tab-title-8092\"><p><img decoding=\"async\" src=\"https:\/\/villa-blunk.de\/wp-content\/uploads\/2019\/11\/Burmester_Ohne_Titel_14-26-767x1024.jpg\" alt=\"\" class=\"alignnone size-large wp-image-569\" width=\"750\" height=\"1001\" srcset=\"https:\/\/villa-blunk.de\/wp-content\/uploads\/2019\/11\/Burmester_Ohne_Titel_14-26-767x1024.jpg 767w, https:\/\/villa-blunk.de\/wp-content\/uploads\/2019\/11\/Burmester_Ohne_Titel_14-26-600x801.jpg 600w, https:\/\/villa-blunk.de\/wp-content\/uploads\/2019\/11\/Burmester_Ohne_Titel_14-26-225x300.jpg 225w, https:\/\/villa-blunk.de\/wp-content\/uploads\/2019\/11\/Burmester_Ohne_Titel_14-26-768x1026.jpg 768w, https:\/\/villa-blunk.de\/wp-content\/uploads\/2019\/11\/Burmester_Ohne_Titel_14-26.jpg 960w\" sizes=\"(max-width: 750px) 100vw, 750px\" \/><\/p><h3 style=\"text-align: left;\">\u00dcber die Arbeit<\/h3><p>In den Bilderwelten Sabine Burmesters spielt das Material eine wesentliche Rolle. Alte, bew\u00e4hrte, ge- und verbrauchte, verworfene, verborgene Materien kommunizieren auf der Leinwand miteinander, sind voneinander abh\u00e4ngig, gehen aufeinander zu, unterst\u00fctzen und erg\u00e4nzen sich. Ihre Oberfl\u00e4chenstrukturen, deren Farben und Charakt\u00e4re, setzt die K\u00fcnstlerin bewusst f\u00fcr die Kompositionen ein. In Verbindung mit einem breiten, erg\u00e4nzenden Farbspektrum (Acryl) zeigen sie die Thematik der Verg\u00e4nglichkeit, des Fortbestehens und Entdeckens neuer (Lebens-)R\u00e4ume auf. Sabine Burmester setzt die Materialien in einen neuen Kontext und weist durch sie und ihre Eigenschaften auf unab\u00e4nderliche Realit\u00e4ten unseres Lebens.<\/p><p><a title=\"www.sabine-burmester.de\" href=\"http:\/\/www.sabine-burmester.de\" target=\"_blank\" rel=\"noopener\">www.sabine-burmester.de<\/a><\/p><h3 style=\"text-align: left;\">Vita<\/h3><p><strong>1955<\/strong><br \/>geboren in P\u00f6nitz, Schleswig-Holstein<\/p><p><strong>1976 &#8211; 2006<\/strong><br \/>MTA \/ Leitende MTA am Institut f\u00fcr Radiologie, Universit\u00e4t Schleswig-Holstein, Campus L\u00fcbeck<\/p><p><strong>1988 &#8211; 2006<\/strong><br \/>Freie Redakteurin im Verlag Schmidt-R\u00f6mhild, L\u00fcbeck<\/p><p><strong>1998 &#8211; 2017<\/strong><br \/>Gr\u00fcndungsmitglied Kulturausschuss Buchholz<\/p><p><strong>2006 &#8211; 2011<\/strong><br \/>Studium der Malerei an der Akademie f\u00fcr Malerei Berlin, Klasse W\u00f6llmann, Meistersch\u00fclerin von Ute W\u00f6llmann<\/p><p><strong>2010<\/strong><br \/>Gr\u00fcndungsmitglied K\u00fcnstlerkreis Buchholz<\/p><p><strong>2010 &#8211; 2012<br \/><\/strong>Mitveranstalterin und Kuratorin des open]art[space &#8211; projektraum kunst, Potsdam und Berlin<\/p><p><strong>2011<\/strong><br \/>Mitglied Lauenburgischer Kunstverein<\/p><p><strong>seit 2011<\/strong><br \/>Dozentin an der Akademie f\u00fcr Malerei Berlin<\/p><p><strong>2013 &#8211; 2015<\/strong><br \/>Mitveranstalterin und Kuratorin f\u00fcr Ausstellungen im Rahmen des Kunstfestivals am Spreeknie, Berlin<\/p><p><strong>2016<br \/><\/strong>Mitglied im BBK Berlin e.V.<\/p><div class=\"ce_text block\"><h3 style=\"text-align: left;\">Einzelausstellungen<\/h3><p><strong>2018<br \/><\/strong>&#8222;Caught in reality and future I&#8220;, Galerie Berlin-Baku, Berlin<\/p><p><strong>2017<br \/><\/strong>&#8222;Wie ein Staubkorn im Wind&#8220;, Villa Blunk, Wriezen<\/p><p><strong>2014<br \/><\/strong>&#8222;Die Spinnen doch alle&#8220;, Kunstfestival am Spreeknie, sch\u00f6neweide artists e.v., Berlin<br \/>&#8222;Mischtechniken&#8220;, Galerie Koch-Westenhoff, L\u00fcbeck<\/p><p><strong>2011<br \/><\/strong>&#8222;Spuren der Verg\u00e4nglichkeit&#8220;, Landtag Schleswig-Holstein, Landeshaus Kiel<br \/>Abschlusspr\u00e4sentation Masterstudium Akademie f\u00fcr Malerei Berlin (K)<\/p><\/div><div class=\"ce_text block\"><h3 style=\"text-align: left;\">Gruppenausstellungen (Auswahl ab 2010)<\/h3><p><strong>2019<br \/><\/strong>Affordable Art Fair Hamburg (Galerie Koch-Westenhoff, L\u00fcbeck)<br \/>Kunstlicht im G\u00e4rtnerhof Velten b.Berlin<br \/>50 Jahre Galerie Koch-Westenhoff, L\u00fcbeck<br \/>TransformArt, Kunstfestival in den Rathenauhallen, Berlin<strong><br \/><\/strong>&#8222;Der Weg ins Ungewisse&#8220;, Kulturzentrum Marstall, Ahrensburg<br \/>&#8222;Fliehen &#8211; einst geflohen&#8220;, Kulturstiftung Herzogtum Lauenburg, M\u00f6lln<br \/>&#8222;LiveLife&#8220;, Heydar Aliyev Center, Baku, Aserbaidschan<\/p><p><strong>2018<br \/><\/strong>&#8222;Livelife&#8220;, internationale Ausstellung im Heydar Aliyev Center, Baku, Aserbaidschan<strong><br \/><\/strong>&#8222;Drive, Drove, Driven&#8220;, Herbstausstellung Kunststation Kleinsassen\/Fulda<br \/>&#8222;Myths upcycled&#8220;, Sommerausstellung Kunststation Kleinsassen\/Fulda<strong><\/strong><\/p><p>2017<br \/>&#8222;VI. From Waste to Art Exhibition&#8220;, Tamiz Shahar JSC, Heydar Aliyev Foundation, Q-Gallery, Baku, Aserbaidschan<strong><br \/><\/strong>TransformArt, Berlin<strong><br \/><\/strong>1. Zyklus: 6 Frauen, Villa Blunk, Wriezen<br \/>&#8222;LiveLife Berlin&#8220;, Galerie Berlin-Baku, Berlin<strong><br \/><\/strong>Art Karlsruhe (Galerie Koch &#8211; Westenhoff), Karlsruhe<\/p><p><strong>2016<br \/><\/strong>Affordable Art Fair (Galerie Koch &#8211; Westenhoff), Hamburg<br \/>Kunstlicht Velten, Velten b. Berlin<br \/>Aus dem Nichts &#8230; ins Gl\u00fcck, Buchholzer Kunstsommer<strong><br \/><\/strong>Art Karlsruhe (Galerie Koch &#8211; Westenhoff), Karlsruhe<\/p><\/div><\/div>\n\t\t\t\t<\/div>\n\t\t\t\t\t\t\t<div class=\"elementor-toggle-item\">\n\t\t\t\t\t<div id=\"elementor-tab-title-8093\" class=\"elementor-tab-title\" data-tab=\"3\" role=\"button\" aria-controls=\"elementor-tab-content-8093\" aria-expanded=\"false\">\n\t\t\t\t\t\t\t\t\t\t\t\t<span class=\"elementor-toggle-icon elementor-toggle-icon-right\" aria-hidden=\"true\">\n\t\t\t\t\t\t\t\t\t\t\t\t\t\t\t<span class=\"elementor-toggle-icon-closed\"><i class=\"fas fa-caret-right\"><\/i><\/span>\n\t\t\t\t\t\t\t\t<span class=\"elementor-toggle-icon-opened\"><i class=\"elementor-toggle-icon-opened fas fa-caret-up\"><\/i><\/span>\n\t\t\t\t\t\t\t\t\t\t\t\t\t<\/span>\n\t\t\t\t\t\t\t\t\t\t\t\t<a class=\"elementor-toggle-title\" tabindex=\"0\">Dannecker, Maks<\/a>\n\t\t\t\t\t<\/div>\n\n\t\t\t\t\t<div id=\"elementor-tab-content-8093\" class=\"elementor-tab-content elementor-clearfix\" data-tab=\"3\" role=\"region\" aria-labelledby=\"elementor-tab-title-8093\"><p><img decoding=\"async\" src=\"https:\/\/villa-blunk.de\/wp-content\/uploads\/2024\/05\/Maks-Dannecker-Villa-Blunk.jpg\" alt=\"Ausstellungsansicht: Maks Dannecker | Nachverdichtungen. \u00a9 Villa Blunk, 2024\" class=\"alignnone wp-image-2733\" width=\"750\" srcset=\"https:\/\/villa-blunk.de\/wp-content\/uploads\/2024\/05\/Maks-Dannecker-Villa-Blunk.jpg 1024w, https:\/\/villa-blunk.de\/wp-content\/uploads\/2024\/05\/Maks-Dannecker-Villa-Blunk-300x240.jpg 300w, https:\/\/villa-blunk.de\/wp-content\/uploads\/2024\/05\/Maks-Dannecker-Villa-Blunk-768x614.jpg 768w\" sizes=\"(max-width: 1024px) 100vw, 1024px\" \/><\/p><p>Ausstellungsansicht: Maks Dannecker | Nachverdichtungen. \u00a9 Villa Blunk, 2024<\/p><h3 style=\"text-align: left;\">\u00dcber die Arbeit<\/h3><p>Maks Danneckers geometrisch-abstrakte Arbeit ist durch einen konzeptuellen Umgang mit fotografischen und malerischen Themen bestimmt. Durch Einschleusen von Farbpartikeln, Formen und Fl\u00e4chen in ihre Arbeiten und deren Anordnungen assoziiert sie Hintergrundgeschichte.<\/p><p>Teile ihres fotografischen Werks sind der Konkreten Kunst beziehungsweise der Konkreten Fotografie zuzurechnen.<\/p><h3 style=\"text-align: left;\">Vita<\/h3><p>Jahrgang 1976. Homebase: Berlin + Salach.<br \/>Fotografin: Johannes-Gutenberg-Schule Stuttgart | 2002.<br \/>Weiterbildung: KURATIEREN, Universit\u00e4t der K\u00fcnste Berlin | Zertifikat: 2018.<br \/>Mitgliedschaft: NEUE GRUPPE, Haus der Kunst, M\u00fcnchen. 2019.<\/p><p>Wikipedia: <a href=\"https:\/\/de.wikipedia.org\/wiki\/Maks_Dannecker\" target=\"_blank\" rel=\"noopener\">https:\/\/de.wikipedia.org\/wiki\/Maks_Dannecker<\/a><\/p><p><\/p><p>Ausstellungsverzeichnis + Messeteilnahmen: <a href=\"https:\/\/artfacts.net\/artist\/maks-dannecker\/173685\/exhibitions\" target=\"_blank\" rel=\"noopener\">https:\/\/artfacts.net\/artist\/maks-dannecker\/173685\/exhibitions<\/a><\/p><p>Mehr dazu: <a href=\"https:\/\/maksdannecker.de\/about\" target=\"_blank\" rel=\"noopener\">https:\/\/maksdannecker.de\/about<\/a><\/p><div class=\"ce_text block\"><p><\/p><\/div><\/div>\n\t\t\t\t<\/div>\n\t\t\t\t\t\t\t<div class=\"elementor-toggle-item\">\n\t\t\t\t\t<div id=\"elementor-tab-title-8094\" class=\"elementor-tab-title\" data-tab=\"4\" role=\"button\" aria-controls=\"elementor-tab-content-8094\" aria-expanded=\"false\">\n\t\t\t\t\t\t\t\t\t\t\t\t<span class=\"elementor-toggle-icon elementor-toggle-icon-right\" aria-hidden=\"true\">\n\t\t\t\t\t\t\t\t\t\t\t\t\t\t\t<span class=\"elementor-toggle-icon-closed\"><i class=\"fas fa-caret-right\"><\/i><\/span>\n\t\t\t\t\t\t\t\t<span class=\"elementor-toggle-icon-opened\"><i class=\"elementor-toggle-icon-opened fas fa-caret-up\"><\/i><\/span>\n\t\t\t\t\t\t\t\t\t\t\t\t\t<\/span>\n\t\t\t\t\t\t\t\t\t\t\t\t<a class=\"elementor-toggle-title\" tabindex=\"0\">Eltinger, Daniel<\/a>\n\t\t\t\t\t<\/div>\n\n\t\t\t\t\t<div id=\"elementor-tab-content-8094\" class=\"elementor-tab-content elementor-clearfix\" data-tab=\"4\" role=\"region\" aria-labelledby=\"elementor-tab-title-8094\"><p><img decoding=\"async\" src=\"https:\/\/villa-blunk.de\/wp-content\/uploads\/2019\/11\/5-pervigilium-1024x747.jpg\" alt=\"\" class=\"alignnone size-large wp-image-594\" width=\"750\" height=\"547\" srcset=\"https:\/\/villa-blunk.de\/wp-content\/uploads\/2019\/11\/5-pervigilium-1024x747.jpg 1024w, https:\/\/villa-blunk.de\/wp-content\/uploads\/2019\/11\/5-pervigilium-600x438.jpg 600w, https:\/\/villa-blunk.de\/wp-content\/uploads\/2019\/11\/5-pervigilium-300x219.jpg 300w, https:\/\/villa-blunk.de\/wp-content\/uploads\/2019\/11\/5-pervigilium-768x561.jpg 768w, https:\/\/villa-blunk.de\/wp-content\/uploads\/2019\/11\/5-pervigilium.jpg 1370w\" sizes=\"(max-width: 750px) 100vw, 750px\" \/><\/p><h3 style=\"text-align: left;\">Vita<\/h3><p><strong>* 1981 <\/strong>in Stuttgart<strong><br \/>\u2020 2019<\/strong> in Ohlstadt<\/p><p><strong>2001 &#8211; 2004<\/strong><br \/>Studien der Kunstgeschichte, Romanistik und Philosophie, Universit\u00e4t Stuttgart<\/p><p><strong>2004 &#8211; 2010<\/strong><br \/>Studium der Freien Malerei, Staatliche Akademie der Bildenden K\u00fcnste Stuttgart bei Professor Peter Chevalier<\/p><h2 style=\"text-align: left;\">Ausstellungen<\/h2><p><strong>2019<br \/><\/strong>krat\u1e17res, Nikodemuskirche Berlin-Neuk\u00f6lln<br \/>SANKT LAURENTIUS &amp; DIE HEIMG\u00c4RTNER, Ohlstadt<\/p><p><strong>2018<br \/><\/strong>chr\u0113smo\u00ed, Villa Blunk, Wriezen<br \/>augen der liebe, Tusculum, Murnau<strong><br \/><\/strong>7 neue opfer, Transformart, Berlin<\/p><p><strong>2017<br \/><\/strong>dein licht, Zum Vaterhaus, Berlin-Baumschulenweg<br \/>Holy Week-Nights, Fetish X0, Kiew (Beteiligung)<strong><br \/><\/strong>TELETAI, Christuskirche Berlin-Sch\u00f6neweide<strong><br \/><\/strong>Isar &#8211; Spree, Projektgalerie Bad T\u00f6lz (Gemeinschaftsausstellung)<\/p><p><strong>2016<br \/><\/strong>METANOIA, Fellini-Gallery Berlin (Gemeinschaftsausstellung)<strong><br \/><\/strong>Kinder aus dem zweiten Bett, Christuskirche Berlin-Sch\u00f6neweide<\/p><p><strong>2015<br \/><\/strong>Himmelsgeburtstag<strong>, <\/strong>Christuskirche Berlin-Sch\u00f6neweide<strong><br \/><\/strong>DINGUNDINGUNDDINGDONG (DUDD), Kunst am Spreeknie, Berlin<\/p><p><strong>2014<br \/><\/strong>die jungfrau kommt, Kunst am Spreeknie, Berlin<strong><br \/><\/strong>Startaufstellung, Agentur f\u00fcr Arbeit Stuttgart (Gemeinschaftsausstellung)<\/p><p><strong>2013<br \/><\/strong>growing and falling, City Library of Newcastle<br \/>vigilia, Centre for Socio-Legal Studies, University of Oxford<br \/>Sieben kleine Opfer in lieber Farbe, Galerie im K\u00fcnstlerhaus, Leonberg<br \/>vigilia, Durham Cathedral<br \/>growing and falling, Dickens Gallery, St George&#8217;s Hall, Liverpool<\/p><p><strong>2012<\/strong><br \/>vigilia, Fakult\u00e4t f\u00fcr Theologie, University of Cambridge<br \/>vigilia, Chichester Cathedral<br \/>stadt am abend, Rathaus Stuttgart<br \/>growing and falling, Fakult\u00e4t f\u00fcr Politikwissenschaft, University of Oxford<br \/>growing and falling, St Antony&#8217;s College, Oxford<br \/>vigilia, Sa\u00efd Business School Gallery, University of Oxford<br \/>osterspiel, Vers\u00f6hnungskirche Leonberg<\/p><\/div>\n\t\t\t\t<\/div>\n\t\t\t\t\t\t\t<div class=\"elementor-toggle-item\">\n\t\t\t\t\t<div id=\"elementor-tab-title-8095\" class=\"elementor-tab-title\" data-tab=\"5\" role=\"button\" aria-controls=\"elementor-tab-content-8095\" aria-expanded=\"false\">\n\t\t\t\t\t\t\t\t\t\t\t\t<span class=\"elementor-toggle-icon elementor-toggle-icon-right\" aria-hidden=\"true\">\n\t\t\t\t\t\t\t\t\t\t\t\t\t\t\t<span class=\"elementor-toggle-icon-closed\"><i class=\"fas fa-caret-right\"><\/i><\/span>\n\t\t\t\t\t\t\t\t<span class=\"elementor-toggle-icon-opened\"><i class=\"elementor-toggle-icon-opened fas fa-caret-up\"><\/i><\/span>\n\t\t\t\t\t\t\t\t\t\t\t\t\t<\/span>\n\t\t\t\t\t\t\t\t\t\t\t\t<a class=\"elementor-toggle-title\" tabindex=\"0\">Hahn, Silke Katharina<\/a>\n\t\t\t\t\t<\/div>\n\n\t\t\t\t\t<div id=\"elementor-tab-content-8095\" class=\"elementor-tab-content elementor-clearfix\" data-tab=\"5\" role=\"region\" aria-labelledby=\"elementor-tab-title-8095\"><h3 style=\"text-align: left;\"><span class=\"textad4bbf669ec65c69\"><img loading=\"lazy\" decoding=\"async\" style=\"margin-top: 25px;\" src=\"https:\/\/villa-blunk.de\/wp-content\/uploads\/2019\/11\/2015_SKH_more-or-less_Hei\u00dfkleber-auf-Plexiglas_2-teilig_je-40-x-40-cm-1024x663.jpg\" alt=\"\" class=\"size-large wp-image-585 alignright\" width=\"750\" height=\"486\" srcset=\"https:\/\/villa-blunk.de\/wp-content\/uploads\/2019\/11\/2015_SKH_more-or-less_Hei\u00dfkleber-auf-Plexiglas_2-teilig_je-40-x-40-cm-1024x663.jpg 1024w, https:\/\/villa-blunk.de\/wp-content\/uploads\/2019\/11\/2015_SKH_more-or-less_Hei\u00dfkleber-auf-Plexiglas_2-teilig_je-40-x-40-cm-600x388.jpg 600w, https:\/\/villa-blunk.de\/wp-content\/uploads\/2019\/11\/2015_SKH_more-or-less_Hei\u00dfkleber-auf-Plexiglas_2-teilig_je-40-x-40-cm-300x194.jpg 300w, https:\/\/villa-blunk.de\/wp-content\/uploads\/2019\/11\/2015_SKH_more-or-less_Hei\u00dfkleber-auf-Plexiglas_2-teilig_je-40-x-40-cm-768x497.jpg 768w, https:\/\/villa-blunk.de\/wp-content\/uploads\/2019\/11\/2015_SKH_more-or-less_Hei\u00dfkleber-auf-Plexiglas_2-teilig_je-40-x-40-cm-1536x994.jpg 1536w, https:\/\/villa-blunk.de\/wp-content\/uploads\/2019\/11\/2015_SKH_more-or-less_Hei\u00dfkleber-auf-Plexiglas_2-teilig_je-40-x-40-cm-2048x1325.jpg 2048w\" sizes=\"(max-width: 750px) 100vw, 750px\" \/><\/span><\/h3><h3 style=\"text-align: left;\">Vita<\/h3><p class=\"paragraph18133da5df62778e\"><span class=\"textbf337482c2a1928d\"><strong>1968<\/strong><br \/>geboren in Bad Hersfeld, Deutschland<br \/><\/span><span class=\"textbf337482c2a1928d\">lebt und arbeitet in Brandenburg, Berlin, New York City<br \/><\/span><\/p><p class=\"paragraph18133da5df62778e\"><span class=\"textad4bbf669ec65c69\"><strong>2006 \u2013 2011<\/strong><br \/><\/span><span class=\"text9aa49437a3ce60e2\"><\/span><span class=\"textbf337482c2a1928d\">Studium der Malerei<br \/><\/span><span class=\"text60586d9936f68dc8\">Akademie f\u00fcr Malerei Berlin, Meistersch\u00fclerin von Ute W\u00f6llmann<br \/><\/span><\/p><p class=\"paragraph18133da5df62778e\"><span class=\"textad4bbf669ec65c69\"><strong>1996 \u2013 2004<\/strong><br \/><\/span><span class=\"textbf337482c2a1928d\">Studium der Architektur<br \/><\/span><span class=\"text60586d9936f68dc8\"><\/span><span class=\"text60586d9936f68dc8\">TU Berlin, Diplom<br \/><\/span><\/p><p class=\"paragraph18133da5df62778e\"><span class=\"textad4bbf669ec65c69\"><strong>1989 \u2013 1992<\/strong><br \/><\/span><span class=\"textbf337482c2a1928d\">Ausbildung zur Holzbildhauerin<\/span><span class=\"text60586d9936f68dc8\"> <\/span><\/p><h3 class=\"paragraph18133da5df62778e\" style=\"text-align: left;\"><span class=\"text9c595b8cbd8d627f\">Einzelausstellungen (Auswahl)<br \/><\/span><\/h3><p class=\"paragraph18133da5df62778e\"><span class=\"textbf337482c2a1928d\">about love and lines | <\/span><span class=\"text60586d9936f68dc8\">mianki.Gallery, Berlin, (D)<br \/><\/span><\/p><p class=\"paragraph18133da5df62778e\"><span class=\"textad4bbf669ec65c69\"><strong>2018<\/strong><br \/><\/span><span class=\"textbf337482c2a1928d\">Silke Katharina Hahn &amp; Michael Schuster | <\/span><span class=\"text60586d9936f68dc8\">mianki.Gallery, Berlin, (D)<\/span><span class=\"text60586d9936f68dc8\"><\/span><\/p><p class=\"paragraph18133da5df62778e\"><span class=\"textad4bbf669ec65c69\"><strong>2017<\/strong><br \/><\/span><span class=\"textbf337482c2a1928d\">Walking The Line | <\/span><span class=\"text60586d9936f68dc8\">Villa Blunk, Wriezen, (D)<br \/><\/span><\/p><p class=\"paragraph18133da5df62778e\"><span class=\"textad4bbf669ec65c69\"><strong>2016<\/strong><br \/><\/span><span class=\"textbf337482c2a1928d\">inside\\out<\/span><span class=\"text60586d9936f68dc8\"> | <\/span><span class=\"text60586d9936f68dc8\">mianki.Gallery, Berlin, (D)<br \/><\/span><\/p><p class=\"paragraph18133da5df62778e\"><span class=\"textad4bbf669ec65c69\"><strong>2015<\/strong><br \/><\/span><span class=\"text9aa49437a3ce60e2\"><\/span><span class=\"textbf337482c2a1928d\">lines + lines | <\/span><span class=\"text60586d9936f68dc8\">Kunstverein Hattingen, (D)<br \/><\/span><span class=\"text9aa49437a3ce60e2\"><\/span><span class=\"textbf337482c2a1928d\">lines as objects<\/span><span class=\"text60586d9936f68dc8\"> (mit Ev Pommer) | <\/span><span class=\"text60586d9936f68dc8\">Kunstverein Kleinmachnow, (D)<br \/><\/span><\/p><p class=\"paragraph18133da5df62778e\"><span class=\"textad4bbf669ec65c69\"><strong>2014<\/strong><br \/><\/span><span class=\"textbf337482c2a1928d\">lines + lines<\/span><span class=\"text60586d9936f68dc8\"> | <\/span><span class=\"text60586d9936f68dc8\">mianki.Gallery, Berlin, (D)<br \/><\/span><\/p><h3 class=\"paragraph836e9a8876e65776\" style=\"text-align: left;\"><span class=\"text9c595b8cbd8d627f\">Gruppenausstellungen und Messen (Auswahl)<\/span><span class=\"text9c595b8cbd8d627f\"><br \/><\/span><\/h3><p class=\"paragraph18133da5df62778e\"><span class=\"textad4bbf669ec65c69\"><strong>2018<\/strong><br \/><\/span><span class=\"textbf337482c2a1928d\">gleich \u2013 anders #3 | <\/span><span class=\"text60586d9936f68dc8\">mianki.Gallery, Berlin, (D)<br \/><\/span><\/p><p class=\"paragraph18133da5df62778e\"><span class=\"textad4bbf669ec65c69\"><strong>2017<\/strong><br \/><\/span><span class=\"textbf337482c2a1928d\">Benefizauktion zugunsten der Telefonseelsorge Berlin | <\/span><span class=\"text60586d9936f68dc8\">mianki.Gallery, Berlin, (D) &#8211; <\/span><span class=\"text60586d9936f68dc8\">Berlinische Galerie, Berlin, (D)<br \/><\/span><span class=\"textad4bbf669ec65c69\"><\/span><span class=\"textbf337482c2a1928d\">OSTRALE \u2013 Biennale | <\/span><span class=\"text60586d9936f68dc8\">Sammlung Schirm, Dresden, (D)<br \/><\/span><span class=\"textbf337482c2a1928d\">1. Zyklus: 6 Frauen | <\/span><span class=\"text60586d9936f68dc8\">Villa Blunk, Wriezen, (D)<\/span><span class=\"textad4bbf669ec65c69\"><br \/><\/span><\/p><p class=\"paragraph18133da5df62778e\"><span class=\"textad4bbf669ec65c69\"><strong>2016<\/strong><br \/><\/span><span class=\"textad4bbf669ec65c69\"><\/span><span class=\"textbf337482c2a1928d\">POSITIONS BERIN Art Fair | <\/span><span class=\"text60586d9936f68dc8\"><\/span><span class=\"text60586d9936f68dc8\">mianki.Gallery, Berlin (D)<br \/><\/span><span class=\"textbf337482c2a1928d\">gleich \u2013 anders #02 | <\/span><span class=\"text60586d9936f68dc8\"><\/span><span class=\"text60586d9936f68dc8\">mianki.Gallery, Berlin, (D)<br \/><\/span><\/p><p class=\"paragraph18133da5df62778e\"><span class=\"textad4bbf669ec65c69\"><strong>2015<\/strong><br \/><\/span><span class=\"textbf337482c2a1928d\">Benefizauktion zugunsten der Telefonseelsorge Berlin | <\/span><span class=\"text60586d9936f68dc8\"><\/span><span class=\"text60586d9936f68dc8\">mianki.Gallery, Berlin, (D) &#8211; <\/span><span class=\"text60586d9936f68dc8\">Berlinische Galerie, Berlin, (D)<br \/><\/span><span class=\"textad4bbf669ec65c69\"><\/span><span class=\"textbf337482c2a1928d\">Sammlung Schirm @ ROOT \u2013 Gezeichnet f\u00fcrs Leben | <\/span><span class=\"text60586d9936f68dc8\"><\/span><span class=\"text60586d9936f68dc8\">Galerie ROOT, Berlin<\/span><span class=\"text60586d9936f68dc8\">, (D)<br \/><\/span><\/p><p class=\"paragraph18133da5df62778e\"><span class=\"textad4bbf669ec65c69\"><strong>2014<\/strong><br \/><\/span><span class=\"textbf337482c2a1928d\">ARTGESCHOSS 2014 | <\/span><span class=\"text60586d9936f68dc8\"><\/span><span class=\"text60586d9936f68dc8\">Wolfenb\u00fcttel, (D)<br \/><\/span><span class=\"textad4bbf669ec65c69\"><\/span><span class=\"textbf337482c2a1928d\">LUXUS | <\/span><span class=\"text60586d9936f68dc8\"><\/span><span class=\"text60586d9936f68dc8\">Deutsches Generalkonsulat, New York City, (USA)<br \/><\/span><\/p><p class=\"paragraph18133da5df62778e\"><span class=\"textad4bbf669ec65c69\"><strong>2013<\/strong><br \/><\/span><span class=\"textbf337482c2a1928d\">different lines | <\/span><span class=\"text60586d9936f68dc8\">mianki.Gallery, Berlin, (D)<br \/><\/span><\/p><h3 class=\"paragraph836e9a8876e65776\" style=\"text-align: left;\"><span class=\"text9c595b8cbd8d627f\">Stipendien und Auszeichnungen<br \/><\/span><\/h3><p class=\"paragraph18133da5df62778e\"><span class=\"textad4bbf669ec65c69\"><strong>2015<\/strong><br \/><\/span><span class=\"textbf337482c2a1928d\">6-w\u00f6chiges Arbeitsstipendium | <\/span><span class=\"text60586d9936f68dc8\">New York City (USA)<\/span><\/p><\/div>\n\t\t\t\t<\/div>\n\t\t\t\t\t\t\t<div class=\"elementor-toggle-item\">\n\t\t\t\t\t<div id=\"elementor-tab-title-8096\" class=\"elementor-tab-title\" data-tab=\"6\" role=\"button\" aria-controls=\"elementor-tab-content-8096\" aria-expanded=\"false\">\n\t\t\t\t\t\t\t\t\t\t\t\t<span class=\"elementor-toggle-icon elementor-toggle-icon-right\" aria-hidden=\"true\">\n\t\t\t\t\t\t\t\t\t\t\t\t\t\t\t<span class=\"elementor-toggle-icon-closed\"><i class=\"fas fa-caret-right\"><\/i><\/span>\n\t\t\t\t\t\t\t\t<span class=\"elementor-toggle-icon-opened\"><i class=\"elementor-toggle-icon-opened fas fa-caret-up\"><\/i><\/span>\n\t\t\t\t\t\t\t\t\t\t\t\t\t<\/span>\n\t\t\t\t\t\t\t\t\t\t\t\t<a class=\"elementor-toggle-title\" tabindex=\"0\">H\u00fcllmann, Stephanie<\/a>\n\t\t\t\t\t<\/div>\n\n\t\t\t\t\t<div id=\"elementor-tab-content-8096\" class=\"elementor-tab-content elementor-clearfix\" data-tab=\"6\" role=\"region\" aria-labelledby=\"elementor-tab-title-8096\"><p><a href=\"https:\/\/villa-blunk.de\/wp-content\/uploads\/2025\/01\/Huellmann-Stephanie_Sacrum-Silentium_Detail.jpg\"><img loading=\"lazy\" decoding=\"async\" src=\"https:\/\/villa-blunk.de\/wp-content\/uploads\/2025\/01\/Huellmann-Stephanie_Sacrum-Silentium_Detail-1024x1024.jpg\" alt=\"Stephanie H\u00fcllmann: &quot;SACRUM SILENTIUM&quot;, 2024, Detail\" width=\"750\" height=\"750\" class=\"alignnone wp-image-2972 size-large\" srcset=\"https:\/\/villa-blunk.de\/wp-content\/uploads\/2025\/01\/Huellmann-Stephanie_Sacrum-Silentium_Detail-1024x1024.jpg 1024w, https:\/\/villa-blunk.de\/wp-content\/uploads\/2025\/01\/Huellmann-Stephanie_Sacrum-Silentium_Detail-300x300.jpg 300w, https:\/\/villa-blunk.de\/wp-content\/uploads\/2025\/01\/Huellmann-Stephanie_Sacrum-Silentium_Detail-150x150.jpg 150w, https:\/\/villa-blunk.de\/wp-content\/uploads\/2025\/01\/Huellmann-Stephanie_Sacrum-Silentium_Detail-768x768.jpg 768w, https:\/\/villa-blunk.de\/wp-content\/uploads\/2025\/01\/Huellmann-Stephanie_Sacrum-Silentium_Detail-1536x1536.jpg 1536w, https:\/\/villa-blunk.de\/wp-content\/uploads\/2025\/01\/Huellmann-Stephanie_Sacrum-Silentium_Detail-50x50.jpg 50w, https:\/\/villa-blunk.de\/wp-content\/uploads\/2025\/01\/Huellmann-Stephanie_Sacrum-Silentium_Detail.jpg 2000w\" sizes=\"(max-width: 750px) 100vw, 750px\" \/><\/a><\/p><p>Stephanie H\u00fcllmann: &#8222;SACRUM SILENTIUM&#8220;, 2024, Detail<\/p><h3 style=\"text-align: left;\">\u00dcber die Arbeit<\/h3><p>Die K\u00fcnstlerin Stephanie H\u00fcllmann schafft konzeptuelle Arbeiten, die gesellschaftliche Werte reflektieren und die Frage nach unserem Fokus stellen. Im Zentrum ihrer Kunst steht der Blick auf kleinste Details: H\u00fcllmann arbeitet bevorzugt mit Naturmaterialien, Fundst\u00fccken und \u00dcberbleibseln der Zivilisation. Diese Materialien werden, einzeln zu hunderten oder tausenden, per Hand auf Papier oder Leinwand aufgen\u00e4ht und lenken so den Blick auf feinste Unterschiede. Vertrautes wird neu erlebbar, und scheinbar Gleiches offenbart sich in seiner Individualit\u00e4t \u2013 eine weitere, tiefere Ebene wird sichtbar.<\/p><p>Durch die Verwendung dieser langsamen und arbeitsintensiven Technik des jahrtausendealten Handwerks N\u00e4hen oder aufw\u00e4ndig detaillierte Zeichnungen vermittelt Stephanie H\u00fcllmann eine Haltung der Wertsch\u00e4tzung und Sorgfalt. Ihre Arbeiten provozieren und regen zur Reflexion an, indem sie sich dem Streben nach Schnelligkeit und Effizienz in der modernen Welt bewusst entgegenstellen.<\/p><p><a href=\"http:\/\/www.stephanie-huellmann.com\">www.stephanie-huellmann.com<\/a><\/p><h3 style=\"text-align: left;\">Vita<\/h3><p>1965 in Salzgitter geboren, aufgewachsen in G\u00f6ttingen<\/p><p>Akademikerin, in der Kunst Autodidaktin, ein Leben lang k\u00fcnstlerisch t\u00e4tig.<\/p><p>Viele Jahre Leben und Arbeit im Ausland, vor allem in den USA und Japan.<\/p><p>Seit 2015 Atelier und Lebensmittelpunkt in Winsen\/Luhe.<\/p><p>Mitglied im BBK L\u00fcneburg, GEDOK Hamburg, International Association of Hand Papermakers and Paper Artists (IAPMA).<\/p><h3 style=\"text-align: left;\">Ausstellungen<\/h3><p style=\"text-align: left;\">Neben Ausstellungen in der Villa Blunk weitere Gruppen- und Einzelausstellungen, \u00a0unter anderem: Verein Berliner K\u00fcnstler, Frauenmuseum Bonn, Stadtmuseum Deggendorf, K\u00fcnstlerhaus Hooksiel (als Residenz-Stipendiatin), BBK L\u00fcneburg, GEDOK Hamburg, Toyota City Folk Crafts Museum Japan, xpon-art Gallery Hamburg, Millerntor Gallery Hamburg, Rathenau Hallen Berlin, IFS Gallery W\u00e4lderhaus Hamburg, Historisches Badehaus Beelitz-Heilst\u00e4tten.<\/p><\/div>\n\t\t\t\t<\/div>\n\t\t\t\t\t\t\t<div class=\"elementor-toggle-item\">\n\t\t\t\t\t<div id=\"elementor-tab-title-8097\" class=\"elementor-tab-title\" data-tab=\"7\" role=\"button\" aria-controls=\"elementor-tab-content-8097\" aria-expanded=\"false\">\n\t\t\t\t\t\t\t\t\t\t\t\t<span class=\"elementor-toggle-icon elementor-toggle-icon-right\" aria-hidden=\"true\">\n\t\t\t\t\t\t\t\t\t\t\t\t\t\t\t<span class=\"elementor-toggle-icon-closed\"><i class=\"fas fa-caret-right\"><\/i><\/span>\n\t\t\t\t\t\t\t\t<span class=\"elementor-toggle-icon-opened\"><i class=\"elementor-toggle-icon-opened fas fa-caret-up\"><\/i><\/span>\n\t\t\t\t\t\t\t\t\t\t\t\t\t<\/span>\n\t\t\t\t\t\t\t\t\t\t\t\t<a class=\"elementor-toggle-title\" tabindex=\"0\">Imwiehe, Andrea<\/a>\n\t\t\t\t\t<\/div>\n\n\t\t\t\t\t<div id=\"elementor-tab-content-8097\" class=\"elementor-tab-content elementor-clearfix\" data-tab=\"7\" role=\"region\" aria-labelledby=\"elementor-tab-title-8097\"><p><img loading=\"lazy\" decoding=\"async\" src=\"https:\/\/villa-blunk.de\/wp-content\/uploads\/2019\/07\/Imwiehe_Andrea_Constructing_Childhood_09_Acryl_auf_Holz_100x70cm_2018.jpg\" alt=\"\" class=\"alignnone size-full wp-image-188\" width=\"689\" height=\"1000\" srcset=\"https:\/\/villa-blunk.de\/wp-content\/uploads\/2019\/07\/Imwiehe_Andrea_Constructing_Childhood_09_Acryl_auf_Holz_100x70cm_2018.jpg 689w, https:\/\/villa-blunk.de\/wp-content\/uploads\/2019\/07\/Imwiehe_Andrea_Constructing_Childhood_09_Acryl_auf_Holz_100x70cm_2018-600x871.jpg 600w, https:\/\/villa-blunk.de\/wp-content\/uploads\/2019\/07\/Imwiehe_Andrea_Constructing_Childhood_09_Acryl_auf_Holz_100x70cm_2018-207x300.jpg 207w\" sizes=\"(max-width: 689px) 100vw, 689px\" \/><\/p><h3 style=\"text-align: left;\">\u00dcber die Arbeit<\/h3><p>In Andrea Imwiehes Malerei geht es um das Spiel mit Erinnerungen. Was davon entspricht der tats\u00e4chlichen Realit\u00e4t? Was ist nur in unseren K\u00f6pfen zur Realit\u00e4t geformt? Was verschwindet innerhalb der Erinnerungen, was dr\u00e4ngt sich in den Vordergrund? K\u00fcnstlerisch begegnet Andrea Imwiehe diesen Fragen auf drei Ebenen: der klaren, farblich eingeschr\u00e4nkten Fl\u00e4che des Bildhintergrundes, der ins Holz geschnitzten zeichnerischen Linie von Objekten und Geb\u00e4uden und drittens dem malerischen Realismus der einbettenden Landschaft. So entsteht neben der spielerischen Auseinandersetzung mit ihrem Thema auch eine selten eindeutige Wiedererkennbarkeit der k\u00fcnstlerischen Handschrift.<\/p><p><a href=\"https:\/\/www.andrea-imwiehe.de\/\" target=\"_blank\" rel=\"noopener\">www.andrea-imwiehe.de\/<\/a><\/p><h3 style=\"text-align: left;\">Vita<\/h3><p><strong>1970<br \/><\/strong>geboren in Peine, lebt und arbeitet in Berlin<\/p><p><strong>1990-1993<br \/><\/strong>Ausbildung zur Bauzeichnerin<\/p><p><strong>1993 \u2013 1996<br \/><\/strong>Studium Freie Kunst, HbK Braunschweig, bei Prof. Joachim Kettel, Klaus St\u00fcmpel und John M. Armleder<\/p><p><strong>1996<br \/><\/strong>Vordiplom<\/p><p><strong>1997 \u2013 2000<br \/><\/strong>Studium Kunsttherapie\/-p\u00e4dagogik, FH Ottersberg<\/p><p><strong>2000<br \/><\/strong>Diplom<\/p><p><strong>seit 2003<br \/><\/strong>Mitglied VG Bildkunst<\/p><p><strong>2005 \u2013 2016<br \/><\/strong>Mitglied BBK Bremen<\/p><p><strong>2011 \u2013 2017<br \/><\/strong>Mitglied K\u00fcnstlerinnenverband Bremen\/Gedok<\/p><p><strong>seit 2015<br \/><\/strong>Mitglied der Produzentengalerie kunstmix, Bremen\u200b<\/p><h3 style=\"text-align: left;\">Einzelausstellungen (Auswahl ab 2012)<\/h3><p><strong>2019<\/strong> <br \/>Presence of the Past, Galerie subject object, Berlin (mit Jelena Fuzinato)<br \/>Constructing Childhood, Galerie am Stall | Frank L. Giesen, Hude<br \/>Remember Me, Villa Blunk, Wriezen<br \/>Childlike Magic, Kulturkirche Nikodemus, Berlin<\/p><p><strong>2018<\/strong><br \/>Kunst trifft Gesundheit, Ausstellungsreihe und Kunstpreis AOK Nordost, Berlin\/Brandenburg<br \/>Strukturen und Kontexte, Kunstverein Achim (mit Franziska Hofmann)<\/p><p><strong>2017<\/strong><br \/>Junge Kunst, Galerie Oben, Chemnitz<br \/>Anamnesis II, Galerie kunstmix, Bremen<br \/>Anamnesis, KWS Art Lounge NEWCOMER, Einbeck<\/p><p><strong>2016<\/strong><br \/>Anamnesis I, Galerie kunstmix, Bremen<\/p><p><strong>2015<\/strong><br \/>Sichere Aussichten, Galerie Gut Sandbeck, Kunstverein Osterholz<br \/>Privatsachen, Kunstverein L\u00fcbbecke (Katalog)<br \/>flashback, Neue Galerie, Kunstverein Erlangen<br \/>Randbereiche, Galerie 149, Bremerhaven<\/p><p><strong>2013<\/strong><br \/>Wunderbare kleine Welten, Kunstverein Barsinghausen (mit H. Ble\u00df + S. Bartsch) (Katalog)<br \/>Quartalsausstellung, Kunstverein Hollfeld<br \/>Am Waldrand, Kunstverein Norden<\/p><p><strong>2012<\/strong><br \/>Kleine Welt, Kloster Brunshausen, Bad Gandersheim<\/p><h3 style=\"text-align: left;\">Gruppenausstellungen (ab 2017)<\/h3><p><strong>2019<\/strong><br \/>Auktion Kunst f\u00fcr Bildung, K\u00f6nigin Luise Stiftung, Berlin<br \/>3 Tage Kunst, Messe, Kommunale Galerie, Berlin<br \/>Roomservice, THEWHYNOT | Hotel Luis, Regensburg<br \/>Accrochage 13, Galerie 149, Bremerhaven<br \/>Art&amp;Culture, kuratiert vom LVBG, Gro\u00dfbeeren<br \/>Sterntaler, Galerie im Bonifatiusturm, R\u00f6thenbach a. d. Peg.<br \/>Stroke Art Fair M\u00fcnchen | mit Bunsen Goetz Galerie<br \/>Bauhaus reloaded &#8211; Architektur in der Malerei, Bunsen Goetz Galerie, N\u00fcrnberg<br \/>Unterwegs-wohin?, 42. Kunstpreis Kulturstiftung der Sparkasse Karlsruhe<br \/>transformart, Transformatorenwerk Obersch\u00f6neweide | Rathenau-Hallen, Berlin<br \/>Heise Kunstpreis Sonderschau, Gro\u00dfenhain<br \/>querbeet 8, Galerie kunstmix, Bremen<br \/>Kunstlicht zehn, Velten<\/p><p><strong>2018<br \/><\/strong>Zeitlos | Kunstpreis der Karl-Heinz Heise Stiftung, Alte Feuerwache, Dessau<br \/>9. Miniatur in der bildenden Kunst, Kunstgalerie Altes Rathaus, F\u00fcrstenwalde<br \/>Kunstpreis Stadt Weilburg, Bergbau- und Stadtmuseum Weilburg<br \/>10 Jahre, so weit, so gut, Galerie am Stall | Frank L. Giesen, Hude<br \/>transformart, Transformatorenwerk Obersch\u00f6neweide | Rathenau-Hallen, Berlin<br \/>Die Welt\u2026aus den Fugen geraten?, 41. Kunstpreis Kulturstiftung der Sparkasse Karlsruhe<br \/>Neue Echtheit | 48 Stunden Neuk\u00f6lln, Berlin<br \/>Kunstlandschaft 8, Kulturhaus Mestlin<br \/>querbeet 7, Galerie kunstmix, Bremen<br \/>Ulli Diezmann+friends, Kunsthaus Meiningen<br \/>Curatorials Part Uno, Alte M\u00fcnze, Berlin<br \/>Accrochage Zw\u00f6lf, Galerie 149, Bremerhaven<br \/>100 f\u00fcr 100, Petersburger Raum f\u00fcr Kunst, K\u00f6ln<\/p><p><strong>2017<br \/><\/strong>Mit Kunst f\u00fcr die Kunst, Kunsthalle Darmstadt, Darmstadt (Katalog)<br \/>DIE GROSSE 2017,Stiftung Museum Kunstpalast, D\u00fcsseldorf (Katalog)<br \/>Revolution | 12. Jahresauktion, Jenaer Kunstverein e.V., Jena (Katalog)<br \/>Accrochage elf, Galerie 149, Bremerhaven<br \/>kommen sie nach hause 17, Wanderausstellung, K\u00f6ln<br \/>Monday Art Salon | Kapitel 3: Die Verwandlung&#8230;, Atelierhof Kreuzberg, Berlin<br \/>Monday Art Salon | Kapitel 2: Die S\u00fcnde, Atelierhof Kreuzberg, Berlin<br \/>NATUR-MENSCH, 23. Andreas Kunstpreis, Sankt Andreasberg (Katalog)<br \/>39. Internationale Hollfelder Kunstausstellung, Wittauerhaus, Hollfeld (Katalog)<br \/>Kopfkino | Kunstpreis der Karl-Heinz Heise Stiftung, Alte Feuerwache, Dessau<br \/>GOLD GELD LUXUS MENSCH, Kunsthaus sans titre, Potsdam<br \/>querbeet 6, Galerie kunstmix, Bremen<br \/>Kunstlandschaft 7, Kulturhaus Mestlin<br \/>ARTGESCHOSS 2017, Salzgitter (Katalog)<br \/>FAKE, Petersburger &#8211; Raum f\u00fcr Kunst, K\u00f6ln<\/p><h3 style=\"text-align: left;\">Preise und F\u00f6rderungen<\/h3><p><strong>2019<br \/><\/strong>Nominiert f\u00fcr den Kunstpreis der AOK Nordost 2020<br \/>Nominiert f\u00fcr Kunstpreis der Kulturstiftung der Sparkasse Karlsruhe<br \/>Preistr\u00e4gerin Kunstpreis Stadt Gro\u00dfenhain<\/p><p><strong>2018<br \/><\/strong>Nominiert f\u00fcr Kunstpreis der Karl-Heinz Heise Stiftung, Dessau<br \/>Nominiert f\u00fcr Kunstpreis der Kulturstiftung der Sparkasse Karlsruhe<br \/>Nominiert f\u00fcr Kunstpreis der Stadt Weilburg<\/p><p><strong>2017<br \/><\/strong>Nominiert f\u00fcr den Kunstpreis der AOK Nordost 2018<br \/>Nominiert f\u00fcr 23. Andreas Kunstpreis Natur | Mensch, Sankt Andreasberg<br \/>Nominiert f\u00fcr Kunstpreis der Karl-Heinz Heise Stiftung, Dessau<\/p><p><strong>2016<br \/><\/strong>Nominiert f\u00fcr Neue Aspekte der Landschaftsmalerei, 29. Kunstpreis, Kreissparkasse Kirchheim.<\/p><p><strong>2015<br \/><\/strong>Publikumspreis, Villa Sponte zeitkultur e.V.<\/p><p><strong>2014<br \/><\/strong>Nominiert f\u00fcr Kunstpreis der Erzdi\u00f6zese Freiburg<br \/>Projektf\u00f6rderung K\u00fcnstlerinnenverband Bremen<\/p><p><strong>2013<br \/><\/strong>Nominiert f\u00fcr ORTUNG VIII, Kunstpreis und Biennale Stadt Schwabach<br \/>Nominiert f\u00fcr 19. Andreas Kunstpreis Natur | Mensch, Sankt Andreasberg<\/p><p><strong>2012<br \/><\/strong>Preistr\u00e4gerin Quartalsausstellung 2013, Kunstverein Hollfeld<br \/>Nominiert f\u00fcr den 9. Kunstpreis Wesseling, Kunstverein Wesseling e.V.<br \/>Nominiert f\u00fcr den 25. Kunstpreis Eisenturm, Kunstverein Eisenturm Mainz e.V.<\/p><\/div>\n\t\t\t\t<\/div>\n\t\t\t\t\t\t\t<div class=\"elementor-toggle-item\">\n\t\t\t\t\t<div id=\"elementor-tab-title-8098\" class=\"elementor-tab-title\" data-tab=\"8\" role=\"button\" aria-controls=\"elementor-tab-content-8098\" aria-expanded=\"false\">\n\t\t\t\t\t\t\t\t\t\t\t\t<span class=\"elementor-toggle-icon elementor-toggle-icon-right\" aria-hidden=\"true\">\n\t\t\t\t\t\t\t\t\t\t\t\t\t\t\t<span class=\"elementor-toggle-icon-closed\"><i class=\"fas fa-caret-right\"><\/i><\/span>\n\t\t\t\t\t\t\t\t<span class=\"elementor-toggle-icon-opened\"><i class=\"elementor-toggle-icon-opened fas fa-caret-up\"><\/i><\/span>\n\t\t\t\t\t\t\t\t\t\t\t\t\t<\/span>\n\t\t\t\t\t\t\t\t\t\t\t\t<a class=\"elementor-toggle-title\" tabindex=\"0\">Kraisser, Susanne<\/a>\n\t\t\t\t\t<\/div>\n\n\t\t\t\t\t<div id=\"elementor-tab-content-8098\" class=\"elementor-tab-content elementor-clearfix\" data-tab=\"8\" role=\"region\" aria-labelledby=\"elementor-tab-title-8098\"><p><img loading=\"lazy\" decoding=\"async\" src=\"https:\/\/villa-blunk.de\/wp-content\/uploads\/2019\/07\/kraisser_Maedchen_mit_Mini_Gruppe_l-775x1024.jpg\" alt=\"\" class=\"alignnone size-large wp-image-185\" width=\"750\" height=\"991\" srcset=\"https:\/\/villa-blunk.de\/wp-content\/uploads\/2019\/07\/kraisser_Maedchen_mit_Mini_Gruppe_l-775x1024.jpg 775w, https:\/\/villa-blunk.de\/wp-content\/uploads\/2019\/07\/kraisser_Maedchen_mit_Mini_Gruppe_l-600x793.jpg 600w, https:\/\/villa-blunk.de\/wp-content\/uploads\/2019\/07\/kraisser_Maedchen_mit_Mini_Gruppe_l-227x300.jpg 227w, https:\/\/villa-blunk.de\/wp-content\/uploads\/2019\/07\/kraisser_Maedchen_mit_Mini_Gruppe_l-768x1015.jpg 768w, https:\/\/villa-blunk.de\/wp-content\/uploads\/2019\/07\/kraisser_Maedchen_mit_Mini_Gruppe_l.jpg 1200w\" sizes=\"(max-width: 750px) 100vw, 750px\" \/><\/p><h3 style=\"text-align: left;\">\u00dcber die Arbeit<\/h3><p>&#8222;Das Herz eines M\u00e4dchens gleicht einem dunklen Wald&#8220;, so sagt es ein russisches Sprichwort. So vielschichtig, so pr\u00e4sent, so geheimnisvoll, so beeindruckend. Der verwischten Silhouette gibt Susanne Krai\u00dfer den Anschein von Sch\u00e4rfe. In der Andeutung liegt ihre Pr\u00e4zision. Polarit\u00e4ten wie Labilit\u00e4t und St\u00e4rke oder Bewegung und Statik in ihrer Fragilit\u00e4t und Masse zeigt sie auf und vereint sie in einer Figur &#8211; auf den ersten Blick scheinbar stimmig und selbstverst\u00e4ndlich. Und dennoch herrscht zwischen dieser harmonischen \u00e4u\u00dferen Form eine harte Dissonanz mit der groben, fragmentarischen Gestaltung der Oberfl\u00e4che.<\/p><p>Nur mit Abstand ist die Figur als solche zu erkennen, verringert sich dieser, l\u00f6st sich die Figur in reine Struktur auf. Arbeitsspuren und Hiebe bleiben wie Narben einer Wunde zur\u00fcck und verhindern, dass der Betrachter der Figur zu nahe kommt. Diese Unbest\u00e4ndigkeit verst\u00e4rkt den Ausdruck von Fragilit\u00e4t und Verletzlichkeit, der den Figuren innewohnt. Die Vorl\u00e4ufigkeit der Oberfl\u00e4che sucht in ihrer Widerspr\u00fcchlichkeit Autonomie und Perfektion. Formal klare Raumkonstruktionen schaffen den \u00e4u\u00dferen Rahmen f\u00fcr das nicht Greifbare, das nicht Sichtbare &#8211; wie im dunklen Wald.<\/p><p><a href=\"https:\/\/susanne-kraisser.de\/de\/\" target=\"_blank\" rel=\"noopener\">https:\/\/susanne-kraisser.de<\/a><\/p><h3 style=\"text-align: left;\">Vita<\/h3><p><strong>1977<\/strong><br \/>geboren in Rosenheim<\/p><p><strong>1994 &#8211; 1997<\/strong><br \/>Ausbildung zur Holzbildhauerin, M\u00fcnchen<\/p><p><strong>1998 &#8211; 1999<\/strong><br \/>Zweij\u00e4hriger Arbeitsaufenthalt als Holzbildhauerin in Schweden<\/p><p><strong>2000 &#8211; 2006<\/strong><br \/>Studium Freie Bildhauerei, Akademie der Bildenden K\u00fcnste N\u00fcrnberg, Prof. Christian H\u00f6pfner<\/p><p><strong>2003<\/strong><br \/>Ernennung zur Meistersch\u00fclerin<\/p><p><strong>2006<\/strong><br \/>Akademiebrief mit sehr gutem Erfolg<\/p><p><strong>2006 &#8211; 2008<\/strong><br \/>Studium Freie Kunst, Fachrichtung Bildhauerei, Hochschule f\u00fcr K\u00fcnste Bremen, Prof. Bernd Altenstein<\/p><p><strong>2007<\/strong><br \/>Diplom mit Auszeichnung<\/p><p><strong>2008<\/strong><br \/>Meistersch\u00fclerin<\/p><h3 style=\"text-align: left;\">Preise \/ Stipendien<\/h3><p><strong>1998<\/strong><br \/>Leonardo-da-Vinci Stipendium<\/p><p><strong>1997 &#8211; 2000<\/strong><br \/>Begabtenf\u00f6rderung des Landes Bayern<\/p><p><strong>2001\/2002<\/strong><br \/>Klassenpreis der Bildhauerklasse H\u00f6pfner<\/p><p><strong>2004<\/strong><br \/>Oskar-Karl-Forster-Stipendium des Bayerischen<br \/>StaatsministeriumsKunstf\u00f6rderpresi Hollfeld<\/p><p><strong>2006<\/strong><br \/>1. Preis M\u00fcnze, Bundesamt f\u00fcr Bauwesen und Raumordnung, Berlin<br \/>1. Preis Medaille, Firmeng\u00e4rten, Senat f\u00fcr Bau, Umwelt und Verkehr, Bremen<\/p><p><strong>2012<\/strong><br \/>1. Preis Medaille, Buderus Kunstguss, Hirzenheim<\/p><h3 style=\"text-align: left;\">Einzelausstellungen (Auswahl ab 2012)<\/h3><p><strong>2017<\/strong><br \/>K\u00f6ln, Kunsthaus Binhold, mit Michael Sichelschmidt<br \/>Island \/ Gr\u00f6nland, Live Sculpture Exhibition, Aida<br \/>Potsdam, Galerie Kunstkontor Sehmsdorf<\/p><p><strong>2016<\/strong><br \/>L\u00fcbeck, Galerie Koch-Westenhoff<br \/>Karibik \/ Atlantik \/ London, Live Sculpture Exhibition, Aida<br \/>Marktbreit, Kulturfestival Artbreit, Zweite Rauhnacht<\/p><p><strong>2015<\/strong><br \/>Hannover, Galerie Koch, Die menschliche Figur, mit Karl Bohrmann<br \/>Schweiz, Kunst Z\u00fcrich, Galerie Pfundt<br \/>Nordatlantik \/ New York, Live Sculpture Exhibition, Aida<br \/>Karlsruhe, Art Karlsruhe (Galerie Pfundt), Katalog<\/p><p><strong>2014<\/strong><br \/>Berlin, Galerie Lux Berlin, mit Klaas Bosch<br \/>M\u00fcnster, Galerie Schemm, mit Werner Heinze und Martin McWilliam<br \/>Marktbreit, Kulturfestival Artbreit, Bronzeplastiken<br \/>Potsdam, Kunstkontor Sehmsdorf, Ganz sch\u00f6n weiblich, mit Bettina Moras<br \/>Karibik \/ Atlantik, Live Sculpture Exhibition, Aida<br \/>Bad Belzig, Burg Eisenhardt, Kunstverein Hoher Fl\u00e4ming<\/p><p><strong>2013<\/strong><br \/>Berlin, kommunale Galerie Kulturhaus Karlshorst, Fragilt\u00e4t und Masse<br \/>Schweiz, Baar, Galerie Arrigoni, mit Robert S\u00fcess<br \/>Laubach, Schlo\u00df Laubach Kulturforum<br \/>K\u00f6ln, Art Fair K\u00f6ln (Galerie Lux Berlin), Katalog<\/p><p><strong>2012<\/strong><br \/>Art Karlsruhe, Kunstmesse, One Man Show (Galerie Koch-Westenhoff, L\u00fcbeck), Katalog<br \/>Krefeld, Galerie Heidefeld, mit Viktor Nono<br \/>\u00d6sterreich, Art Bodensee, Kunstmesse (Galerie S\u00f6ffing, Frankfurt), Katalog<br \/>K\u00f6ln, Art Fair K\u00f6ln (Galerie Lux Berlin), Katalog<br \/>Potsdam, Galerie Kunstkontor Sehmsdorf<\/p><h3 style=\"text-align: left;\">Gruppenausstellungen (ab 2017)<\/h3><p><strong>2017<\/strong><br \/>Kuba, Havanna \/ Santiago de Kuba, Symposio Vuelo de Bronce<br \/>Karlsruhe, Art Karlsruhe (Galerie Koch-Westenhoff, Galerie Koch, Galerie Pfundt), Katalog<\/p><p><strong>2016<\/strong><br \/>Hannover, Galerie Koch, Die Farbe Blau, mit Lyonel Feininger, Otto Piene, Picasso u.a., Kat.<br \/>Gro\u00dfbritannien, Banchory, Milton Art Gallery<br \/>K\u00f6ln, Fine Art Cologne (Galerie Koch, Hannover), Katalog<br \/>Karlsruhe, Art Karlsruhe (Galerie Koch-Westenhoff, Galerie Koch, Galerie Pfundt), Katalog<br \/>\u00d6sterreich, Innsbruck, Art Innsbruck (Gallery Daniel Goodwin), Katalog<br \/>Luxemburg, Art Luxembourg (Gallery Daniel Goodwin), Katalog<br \/>Sulzburg, Bilder im Schlo\u00df Kaupp, Galerie Koch-Westenhoff<br \/>List, Art Sylt (Galerie Koch-Westenhoff, Galerie Pfundt)<br \/>Hamburg, Affordable Art Fair (Galerie Koch-Westenhoff, Galerie Pfundt)<br \/>Ravensburg, Galerie H\u00f6lder<\/p><p><strong>2015<\/strong><br \/>K\u00f6ln, Art Cologne, Galerie Koch, Katalog<br \/>Karlsruhe, Art Karlsruhe (Galerie Koch-Westenhoff, Galerie Koch, Galerie Pfundt), Katalog<br \/>Gro\u00dfbritannien, Peebles, Moy Mackay Gallery, Katalog<br \/>Kevelaer, Galerie Kocken, Bronzeplastiken<br \/>Bad Zwischenahn, Galerie Moderne<br \/>Ravensburg, Galerie H\u00f6lder, 35 Jahre Galerie<br \/>Hamburg, Affordable Art Fair (Galerie Koch-Westenhoff, Galerie Pfundt)<\/p><p><strong>2014<\/strong><br \/>Hannover, Galerie Koch, Die Farbe Rot, mit Anish Kapoor, Damien Hirst, Waldemar Otto u.a.<br \/>Gro\u00dfbritannien, Banchory, Milton Art Gallery, Experience Bronze<br \/>Niederlande, Heeswijk-Dinther, Galerie Interart<br \/>Frankfurt\/Main, Galerie S\u00f6ffing, Nackt<br \/>Karlsruhe, Art Karlsruhe (Galerie Koch-Westenhoff, L\u00fcbeck), Katalog<br \/>K\u00f6ln, Art Fair K\u00f6ln (Galerie Lux Berlin)<br \/>Berlin, Positions Kunstmesse Berlin (Galerie Pfundt)<\/p><p><strong>2013<\/strong><br \/>Niederlande, Heeswijk-Dinther, Galerie Interart<br \/>Art Karlsruhe, Kunstmesse (Galerie Koch-Westenhoff, L\u00fcbeck)<br \/>Baden-Baden, Casino, Fine Art Fair (Galerie Lux Berlin)<br \/>Hamburg, Affordable Art Fair (Galerie Koch-Westenhoff, L\u00fcbeck)<br \/>Frankfurt, Galerie S\u00f6ffing, I Am So Beautiful<\/p><p><strong>2012<\/strong><br \/>Wiesenburg, Orangerie im Schlo\u00dfpark, Kunstverein Hoher Fl\u00e4ming, Innehalten<br \/>Frankfurt, Galerie S\u00f6ffing, Kauf mich<\/p><\/div>\n\t\t\t\t<\/div>\n\t\t\t\t\t\t\t<div class=\"elementor-toggle-item\">\n\t\t\t\t\t<div id=\"elementor-tab-title-8099\" class=\"elementor-tab-title\" data-tab=\"9\" role=\"button\" aria-controls=\"elementor-tab-content-8099\" aria-expanded=\"false\">\n\t\t\t\t\t\t\t\t\t\t\t\t<span class=\"elementor-toggle-icon elementor-toggle-icon-right\" aria-hidden=\"true\">\n\t\t\t\t\t\t\t\t\t\t\t\t\t\t\t<span class=\"elementor-toggle-icon-closed\"><i class=\"fas fa-caret-right\"><\/i><\/span>\n\t\t\t\t\t\t\t\t<span class=\"elementor-toggle-icon-opened\"><i class=\"elementor-toggle-icon-opened fas fa-caret-up\"><\/i><\/span>\n\t\t\t\t\t\t\t\t\t\t\t\t\t<\/span>\n\t\t\t\t\t\t\t\t\t\t\t\t<a class=\"elementor-toggle-title\" tabindex=\"0\">Schlangenbader, Peter<\/a>\n\t\t\t\t\t<\/div>\n\n\t\t\t\t\t<div id=\"elementor-tab-content-8099\" class=\"elementor-tab-content elementor-clearfix\" data-tab=\"9\" role=\"region\" aria-labelledby=\"elementor-tab-title-8099\"><h3 style=\"text-align: left;\">\u00dcber die Arbeit<\/h3><h3 style=\"text-align: left;\">Vita<\/h3><div class=\"ce_text block\"><p><\/p><\/div><\/div>\n\t\t\t\t<\/div>\n\t\t\t\t\t\t\t<div class=\"elementor-toggle-item\">\n\t\t\t\t\t<div id=\"elementor-tab-title-80910\" class=\"elementor-tab-title\" data-tab=\"10\" role=\"button\" aria-controls=\"elementor-tab-content-80910\" aria-expanded=\"false\">\n\t\t\t\t\t\t\t\t\t\t\t\t<span class=\"elementor-toggle-icon elementor-toggle-icon-right\" aria-hidden=\"true\">\n\t\t\t\t\t\t\t\t\t\t\t\t\t\t\t<span class=\"elementor-toggle-icon-closed\"><i class=\"fas fa-caret-right\"><\/i><\/span>\n\t\t\t\t\t\t\t\t<span class=\"elementor-toggle-icon-opened\"><i class=\"elementor-toggle-icon-opened fas fa-caret-up\"><\/i><\/span>\n\t\t\t\t\t\t\t\t\t\t\t\t\t<\/span>\n\t\t\t\t\t\t\t\t\t\t\t\t<a class=\"elementor-toggle-title\" tabindex=\"0\">Wingen, Ila<\/a>\n\t\t\t\t\t<\/div>\n\n\t\t\t\t\t<div id=\"elementor-tab-content-80910\" class=\"elementor-tab-content elementor-clearfix\" data-tab=\"10\" role=\"region\" aria-labelledby=\"elementor-tab-title-80910\"><div class=\"ce_text block\"><p><img loading=\"lazy\" decoding=\"async\" src=\"https:\/\/villa-blunk.de\/wp-content\/uploads\/2022\/12\/Ila-Wingen_Pieta_.installativ_125x200cm-100x140cm_acryl-auf-Leinwand_2021-994x1024.jpg\" alt=\"\" class=\"wp-image-2073 size-large\" width=\"750\" height=\"773\" srcset=\"https:\/\/villa-blunk.de\/wp-content\/uploads\/2022\/12\/Ila-Wingen_Pieta_.installativ_125x200cm-100x140cm_acryl-auf-Leinwand_2021-994x1024.jpg 994w, https:\/\/villa-blunk.de\/wp-content\/uploads\/2022\/12\/Ila-Wingen_Pieta_.installativ_125x200cm-100x140cm_acryl-auf-Leinwand_2021-600x618.jpg 600w, https:\/\/villa-blunk.de\/wp-content\/uploads\/2022\/12\/Ila-Wingen_Pieta_.installativ_125x200cm-100x140cm_acryl-auf-Leinwand_2021-291x300.jpg 291w, https:\/\/villa-blunk.de\/wp-content\/uploads\/2022\/12\/Ila-Wingen_Pieta_.installativ_125x200cm-100x140cm_acryl-auf-Leinwand_2021-768x791.jpg 768w, https:\/\/villa-blunk.de\/wp-content\/uploads\/2022\/12\/Ila-Wingen_Pieta_.installativ_125x200cm-100x140cm_acryl-auf-Leinwand_2021.jpg 1200w\" sizes=\"(max-width: 750px) 100vw, 750px\" \/><\/p><h3 style=\"text-align: left;\">\u00dcber die Arbeit<\/h3><div class=\"ce_text g6 block\"><div class=\"ce_text g6 last block\"><\/div><\/div><\/div><\/div>\n\t\t\t\t<\/div>\n\t\t\t\t\t\t\t\t<\/div>\n\t\t\t\t\t\t<\/div>\n\t\t\t\t<\/div>\n\t\t\t\t\t<\/div>\n\t\t<\/div>\n\t\t\t\t\t<\/div>\n\t\t<\/section>\n\t\t\t\t<section class=\"elementor-section elementor-top-section elementor-element elementor-element-fcf3460 elementor-section-boxed elementor-section-height-default elementor-section-height-default\" data-id=\"fcf3460\" data-element_type=\"section\" data-e-type=\"section\">\n\t\t\t\t\t\t<div class=\"elementor-container elementor-column-gap-default\">\n\t\t\t\t\t<div class=\"elementor-column elementor-col-100 elementor-top-column elementor-element elementor-element-fc0f521\" data-id=\"fc0f521\" data-element_type=\"column\" data-e-type=\"column\">\n\t\t\t<div class=\"elementor-widget-wrap elementor-element-populated\">\n\t\t\t\t\t\t<div class=\"elementor-element elementor-element-f6ad6e0 elementor-widget elementor-widget-spacer\" data-id=\"f6ad6e0\" data-element_type=\"widget\" data-e-type=\"widget\" data-widget_type=\"spacer.default\">\n\t\t\t\t<div class=\"elementor-widget-container\">\n\t\t\t\t\t\t\t<div class=\"elementor-spacer\">\n\t\t\t<div class=\"elementor-spacer-inner\"><\/div>\n\t\t<\/div>\n\t\t\t\t\t\t<\/div>\n\t\t\t\t<\/div>\n\t\t\t\t\t<\/div>\n\t\t<\/div>\n\t\t\t\t\t<\/div>\n\t\t<\/section>\n\t\t\t\t<\/div>\n\t\t","protected":false},"excerpt":{"rendered":"<p>Borowsky, Claudia \u00dcber die Arbeit Claudia Borowsky erkundet in ihrer k\u00fcnstlerischen Arbeit die skulpturalen und plastischen Wirkungen von Material, dessen M\u00f6glichkeiten und Grenzen. Die Freiburger K\u00fcnstlerin arbeitet zum einen mit Beton, den sie mit Nylonstrumpfhosen kombiniert. Hier geht es ihr um Kr\u00e4fteeinwirkungen wie Zug, Druck oder der Schwerkraft. Zum anderen<a class=\"moretag\" href=\"https:\/\/villa-blunk.de\/index.php\/unsere-kuenstlerinnen\/\"> Weiterlesen<\/a><\/p>\n","protected":false},"author":1,"featured_media":0,"parent":0,"menu_order":0,"comment_status":"closed","ping_status":"closed","template":"elementor_header_footer","meta":{"footnotes":""},"class_list":["post-536","page","type-page","status-publish","hentry"],"jetpack_sharing_enabled":true,"_links":{"self":[{"href":"https:\/\/villa-blunk.de\/index.php\/wp-json\/wp\/v2\/pages\/536","targetHints":{"allow":["GET"]}}],"collection":[{"href":"https:\/\/villa-blunk.de\/index.php\/wp-json\/wp\/v2\/pages"}],"about":[{"href":"https:\/\/villa-blunk.de\/index.php\/wp-json\/wp\/v2\/types\/page"}],"author":[{"embeddable":true,"href":"https:\/\/villa-blunk.de\/index.php\/wp-json\/wp\/v2\/users\/1"}],"replies":[{"embeddable":true,"href":"https:\/\/villa-blunk.de\/index.php\/wp-json\/wp\/v2\/comments?post=536"}],"version-history":[{"count":0,"href":"https:\/\/villa-blunk.de\/index.php\/wp-json\/wp\/v2\/pages\/536\/revisions"}],"wp:attachment":[{"href":"https:\/\/villa-blunk.de\/index.php\/wp-json\/wp\/v2\/media?parent=536"}],"curies":[{"name":"wp","href":"https:\/\/api.w.org\/{rel}","templated":true}]}}